{"id":2,"date":"2016-05-10T03:48:21","date_gmt":"2016-05-10T03:48:21","guid":{"rendered":"http:\/\/anziehende-innung.de\/?page_id=2"},"modified":"2025-04-19T13:01:03","modified_gmt":"2025-04-19T13:01:03","slug":"sample-page","status":"publish","type":"page","link":"http:\/\/anziehende-innung.de\/","title":{"rendered":"Willkommen"},"content":{"rendered":"<h5 style=\"text-align: center;\"><img decoding=\"async\" loading=\"lazy\" class=\"alignnone size-medium wp-image-4 aligncenter\" src=\"http:\/\/anziehende-innung.de\/wp-content\/uploads\/2018\/06\/Logo_Anziehende_Innung-300x171.jpg\" alt=\"\" width=\"300\" height=\"171\" srcset=\"http:\/\/anziehende-innung.de\/wp-content\/uploads\/2018\/06\/Logo_Anziehende_Innung-300x171.jpg 300w, http:\/\/anziehende-innung.de\/wp-content\/uploads\/2018\/06\/Logo_Anziehende_Innung-768x439.jpg 768w, http:\/\/anziehende-innung.de\/wp-content\/uploads\/2018\/06\/Logo_Anziehende_Innung-1024x585.jpg 1024w, http:\/\/anziehende-innung.de\/wp-content\/uploads\/2018\/06\/Logo_Anziehende_Innung.jpg 1654w\" sizes=\"(max-width: 300px) 100vw, 300px\" \/><span style=\"color: #0000ff;\">Die <\/span><span style=\"color: #0000ff;\">A<\/span><span style=\"color: #0000ff;\">nziehenden Innung vom Niederrhein<\/span><\/h5>\n<p style=\"text-align: center;\">(Innung f\u00fcr das modeschaffende Handwerk)<\/p>\n<p>In 2025 wird wieder die Goldene Seidenschleife der Stadt Krefeld verliehen. In der Jury ist auch die Obermeisterin der Innung vertreten. Wir freuen uns auf ausdrucksstarke Kollektionen und durchdachte Konzepte der Nachwuchsdesigner.\u00a0<\/p>\n<hr \/>\n<h4 style=\"text-align: center;\">In dieser Innung vereinen sich die handwerkliche Kompetenz\u00a0 und der individuelle Design-Stil der Mitglieds-Ateliers.<\/h4>\n<h4 style=\"text-align: center;\">Tradition und K\u00f6nnen, sorgsam gepflegt und begeistert aufgenommen f\u00fcr Anfertigungen und \u00c4nderungen.<\/h4>\n<p>\u00a0<\/p>\n<p style=\"text-align: center;\">Links zu den Mitglieder, siehe unten<\/p>\n<p><strong>Hier die Links zu unseren Innungsmitglieder:<\/strong><\/p>\n<p>\u00a0<a href=\"https:\/\/www.schinkecouture.de\/massatelier.html\" target=\"_blank\" rel=\"noopener noreferrer\">Schinke Couture<\/a>, Krefeld,\u00a0 \u00a0 \u00a0 \u00a0 \u00a0 \u00a0 \u00a0 \u00a0 \u00a0 02151-567.67.79 \/ 01516-8806245<\/p>\n<p><a href=\"http:\/\/www.massatelier-gika.de\" target=\"_blank\" rel=\"noopener noreferrer\">\u00a0Massatelier GIKA<\/a>, Krefeld,\u00a0 \u00a0 \u00a0 \u00a0 \u00a0 \u00a0 \u00a0 \u00a0 \u00a002151-80.11.88 \/ 0162-8559210<\/p>\n<p><a href=\"http:\/\/www.sandrawenk.de\" target=\"_blank\" rel=\"noopener noreferrer\">\u00a0Sandra Wenk<\/a>, Krefeld,\u00a0 \u00a0 \u00a0 \u00a0 \u00a0 \u00a0 \u00a0 \u00a0 \u00a0 \u00a0 \u00a0 \u00a0 02151-20.06.60 \/ 0177-6200660<\/p>\n<p>\u00a0Maria Stratmann, Kempen\u00a0 \u00a0 \u00a0 \u00a0 \u00a0 \u00a0 \u00a0 \u00a0 02152-518194<\/p>\n<p><span style=\"color: #ff0000;\">\u00a0<\/span>Atelier Mirjam Mergler, Krefeld\u00a0 \u00a0 \u00a0 02151-6566893 \/ 01522-8957140<\/p>\n<p><a href=\"http:\/\/schneiderei-bolten.de\/\" target=\"_blank\" rel=\"noopener noreferrer\">\u00a0Cornelia Bolten<\/a>, Korschenbroich\u00a0 \u00a0 \u00a0 02161-402.15.27<\/p>\n<p><a href=\"https:\/\/www.modeatelier-selbach.de\/\" target=\"_blank\" rel=\"noopener\">Tatjana Selbach<\/a>, Neuss\u00a0 \u00a0 \u00a0 \u00a0 \u00a0 \u00a0 \u00a0 \u00a0 \u00a0 \u00a0 \u00a0 \u00a0 \u00a0 \u00a00152 085 420 08\u00a0<\/p>\n<p><a href=\"https:\/\/andrea-hitschler.de\/\" target=\"_blank\" rel=\"noopener noreferrer\">Andrea Hitschler<\/a>, Krefeld\u00a0 \u00a0 \u00a0 \u00a0 \u00a0 \u00a0 \u00a0 \u00a0 \u00a0 \u00a0 \u00a002151-801372<\/p>\n<p>Renate Wilms, M\u00f6nchengladbach\u00a0 \u00a0 \u00a0 \u00a002161-308.09.39<\/p>\n<p>Ute Maly, Nettetal\u00a0 \u00a0 \u00a0 \u00a0 \u00a0 \u00a0 \u00a0 \u00a0 \u00a0 \u00a0 \u00a0 \u00a0 \u00a0 \u00a0 \u00a0 \u00a0 \u00a0 \u00a0 02153-959.328<\/p>\n<p><a href=\"http:\/\/www.bkvb.de\" target=\"_blank\" rel=\"noopener noreferrer\">Berufskolleg &#8211; Vera Beckers<\/a>, Krefeld\u00a0 \u00a002151-62338-0<\/p>\n<p><a href=\"https:\/\/www.grothe-rosenberg.de\" target=\"_blank\" rel=\"noopener\">Inge<\/a> <a href=\"https:\/\/www.grothe-rosenberg.de\/\" target=\"_blank\" rel=\"noopener\">Grothe-Rosenberg,<\/a> Meerbusch\u00a0 \u00a0 02150-706.884<\/p>\n<p>\u00a0<\/p>\n<p><img decoding=\"async\" loading=\"lazy\" class=\"size-medium wp-image-22 aligncenter\" src=\"http:\/\/anziehende-innung.de\/wp-content\/uploads\/2018\/06\/das_handwerk_logo_smart-300x76.png\" alt=\"\" width=\"300\" height=\"76\" srcset=\"http:\/\/anziehende-innung.de\/wp-content\/uploads\/2018\/06\/das_handwerk_logo_smart-300x76.png 300w, http:\/\/anziehende-innung.de\/wp-content\/uploads\/2018\/06\/das_handwerk_logo_smart.png 630w\" sizes=\"(max-width: 300px) 100vw, 300px\" \/><\/p>\n<p>\u00a0<\/p>\n\n\n<p><\/p>\n","protected":false},"excerpt":{"rendered":"<p>Die Anziehenden Innung vom Niederrhein (Innung f\u00fcr das modeschaffende Handwerk) In 2025 wird wieder die Goldene Seidenschleife der Stadt Krefeld verliehen. In der Jury ist auch die Obermeisterin der Innung vertreten. Wir freuen uns auf ausdrucksstarke Kollektionen und durchdachte Konzepte der Nachwuchsdesigner.\u00a0 In dieser Innung vereinen sich die handwerkliche Kompetenz\u00a0 und der individuelle Design-Stil der &hellip; <a href=\"http:\/\/anziehende-innung.de\/\" class=\"more-link\"><span class=\"screen-reader-text\">Willkommen<\/span> weiterlesen<\/a><\/p>\n","protected":false},"author":1,"featured_media":0,"parent":0,"menu_order":0,"comment_status":"open","ping_status":"open","template":"","meta":[],"_links":{"self":[{"href":"http:\/\/anziehende-innung.de\/index.php?rest_route=\/wp\/v2\/pages\/2"}],"collection":[{"href":"http:\/\/anziehende-innung.de\/index.php?rest_route=\/wp\/v2\/pages"}],"about":[{"href":"http:\/\/anziehende-innung.de\/index.php?rest_route=\/wp\/v2\/types\/page"}],"author":[{"embeddable":true,"href":"http:\/\/anziehende-innung.de\/index.php?rest_route=\/wp\/v2\/users\/1"}],"replies":[{"embeddable":true,"href":"http:\/\/anziehende-innung.de\/index.php?rest_route=%2Fwp%2Fv2%2Fcomments&post=2"}],"version-history":[{"count":62,"href":"http:\/\/anziehende-innung.de\/index.php?rest_route=\/wp\/v2\/pages\/2\/revisions"}],"predecessor-version":[{"id":234,"href":"http:\/\/anziehende-innung.de\/index.php?rest_route=\/wp\/v2\/pages\/2\/revisions\/234"}],"wp:attachment":[{"href":"http:\/\/anziehende-innung.de\/index.php?rest_route=%2Fwp%2Fv2%2Fmedia&parent=2"}],"curies":[{"name":"wp","href":"https:\/\/api.w.org\/{rel}","templated":true}]}}